{"id":19669,"date":"2024-11-04T13:08:30","date_gmt":"2024-11-04T12:08:30","guid":{"rendered":"https:\/\/salabbk.bbk.eus\/?post_type=eventos&#038;p=19669"},"modified":"2024-11-04T13:08:30","modified_gmt":"2024-11-04T12:08:30","slug":"campos","status":"publish","type":"eventos","link":"https:\/\/salabbk.bbk.eus\/eu\/eventos\/campos\/","title":{"rendered":"CAMPOS"},"content":{"rendered":"\n<h2 class=\"wp-block-heading\">THINKING FOOTBALL 24<\/h2>\n\n\n\n<p>\u00d3scar Falag\u00e1n y David Casado<br>Espa\u00f1a, 2023<br>72 min.<\/p>\n\n\n\n<p>Oscar Falagan eta David Casado zuzendariek futbol-zelaiak agertoki eta testuinguru gisa batzen dituzte, toki horiekin bizi diren biztanleen istorioak kontatzeko. Futbolarekin, herriarekin edo herrikideekin duten harremanaren bidez, despopulazioaren hainbat alderdi transmititzen dituzten pertsonak, eta landa-futbolaren balioa batasun, kohesio, ekitaldi sozial eta aisialdirako elementu gisa erakusten dutenak.<\/p>\n\n\n\n<p><strong>Gonbidapena behar da.<\/strong><br><\/p>\n","protected":false},"excerpt":{"rendered":"<p>THINKING FOOTBALL 24 \u00d3scar Falag\u00e1n y David CasadoEspa\u00f1a, 202372 min. Oscar Falagan eta David Casado zuzendariek futbol-zelaiak agertoki eta testuinguru gisa batzen dituzte, toki horiekin bizi diren biztanleen istorioak kontatzeko. Futbolarekin, herriarekin edo herrikideekin duten harremanaren bidez, despopulazioaren hainbat alderdi transmititzen dituzten pertsonak, eta landa-futbolaren balioa batasun, kohesio, ekitaldi sozial eta aisialdirako elementu gisa erakusten [&hellip;]<\/p>\n","protected":false},"author":15,"featured_media":19655,"parent":0,"menu_order":0,"template":"","categoria-evento":[1238],"etiqueta-evento":[2396],"class_list":["post-19669","eventos","type-eventos","status-publish","has-post-thumbnail","hentry","categoria-evento-zinema","etiqueta-evento-thinking-football-eu"],"acf":{"ctp_evento_fecha_inicio":"20241120","ctp_evento_hora_inicio":"18:00:00","ctp_evento_fecha_fin":null,"ctp_evento_hora_fin":"","ctp_evento_coste":"","ctp_evento_informacion_adicional":"","ctp_evento_tickets":"https:\/\/sarrerak.bbk.eus\/espectaculo\/CAMPOS\/20112418THINKING"},"yoast_head":"<!-- This site is optimized with the Yoast SEO plugin v27.0 - https:\/\/yoast.com\/product\/yoast-seo-wordpress\/ -->\n<title>CAMPOS - Sala BBK<\/title>\n<meta name=\"robots\" content=\"index, follow, max-snippet:-1, max-image-preview:large, max-video-preview:-1\" \/>\n<link rel=\"canonical\" href=\"https:\/\/salabbk.bbk.eus\/eu\/eventos\/campos\/\" \/>\n<meta property=\"og:locale\" content=\"eu_ES\" \/>\n<meta property=\"og:type\" content=\"article\" \/>\n<meta property=\"og:title\" content=\"CAMPOS - Sala BBK\" \/>\n<meta property=\"og:description\" content=\"THINKING FOOTBALL 24 \u00d3scar Falag\u00e1n y David CasadoEspa\u00f1a, 202372 min. Oscar Falagan eta David Casado zuzendariek futbol-zelaiak agertoki eta testuinguru gisa batzen dituzte, toki horiekin bizi diren biztanleen istorioak kontatzeko. Futbolarekin, herriarekin edo herrikideekin duten harremanaren bidez, despopulazioaren hainbat alderdi transmititzen dituzten pertsonak, eta landa-futbolaren balioa batasun, kohesio, ekitaldi sozial eta aisialdirako elementu gisa erakusten [&hellip;]\" \/>\n<meta property=\"og:url\" content=\"https:\/\/salabbk.bbk.eus\/eu\/eventos\/campos\/\" \/>\n<meta property=\"og:site_name\" content=\"Sala BBK\" \/>\n<meta property=\"og:image\" content=\"https:\/\/salabbk.bbk.eus\/wp-content\/uploads\/2024\/10\/Thinking_Football_Newsletter_700x400.jpg\" \/>\n\t<meta property=\"og:image:width\" content=\"700\" \/>\n\t<meta property=\"og:image:height\" content=\"400\" \/>\n\t<meta property=\"og:image:type\" content=\"image\/jpeg\" \/>\n<meta name=\"twitter:card\" content=\"summary_large_image\" \/>\n<meta name=\"twitter:label1\" content=\"Est. reading time\" \/>\n\t<meta name=\"twitter:data1\" content=\"1 minute\" \/>\n<script type=\"application\/ld+json\" class=\"yoast-schema-graph\">{\"@context\":\"https:\/\/schema.org\",\"@graph\":[{\"@type\":\"WebPage\",\"@id\":\"https:\/\/salabbk.bbk.eus\/eu\/eventos\/campos\/\",\"url\":\"https:\/\/salabbk.bbk.eus\/eu\/eventos\/campos\/\",\"name\":\"CAMPOS - Sala BBK\",\"isPartOf\":{\"@id\":\"https:\/\/salabbk.bbk.eus\/eu\/#website\"},\"primaryImageOfPage\":{\"@id\":\"https:\/\/salabbk.bbk.eus\/eu\/eventos\/campos\/#primaryimage\"},\"image\":{\"@id\":\"https:\/\/salabbk.bbk.eus\/eu\/eventos\/campos\/#primaryimage\"},\"thumbnailUrl\":\"https:\/\/salabbk.bbk.eus\/wp-content\/uploads\/2024\/10\/Thinking_Football_Newsletter_700x400.jpg\",\"datePublished\":\"2024-11-04T12:08:30+00:00\",\"breadcrumb\":{\"@id\":\"https:\/\/salabbk.bbk.eus\/eu\/eventos\/campos\/#breadcrumb\"},\"inLanguage\":\"eu-ES\",\"potentialAction\":[{\"@type\":\"ReadAction\",\"target\":[\"https:\/\/salabbk.bbk.eus\/eu\/eventos\/campos\/\"]}]},{\"@type\":\"ImageObject\",\"inLanguage\":\"eu-ES\",\"@id\":\"https:\/\/salabbk.bbk.eus\/eu\/eventos\/campos\/#primaryimage\",\"url\":\"https:\/\/salabbk.bbk.eus\/wp-content\/uploads\/2024\/10\/Thinking_Football_Newsletter_700x400.jpg\",\"contentUrl\":\"https:\/\/salabbk.bbk.eus\/wp-content\/uploads\/2024\/10\/Thinking_Football_Newsletter_700x400.jpg\",\"width\":700,\"height\":400},{\"@type\":\"BreadcrumbList\",\"@id\":\"https:\/\/salabbk.bbk.eus\/eu\/eventos\/campos\/#breadcrumb\",\"itemListElement\":[{\"@type\":\"ListItem\",\"position\":1,\"name\":\"Hasiera\",\"item\":\"https:\/\/salabbk.bbk.eus\/eu\/\"},{\"@type\":\"ListItem\",\"position\":2,\"name\":\"Gertaerak\",\"item\":\"https:\/\/salabbk.bbk.eus\/eu\/eventos\/\"},{\"@type\":\"ListItem\",\"position\":3,\"name\":\"Zinema\",\"item\":\"https:\/\/salabbk.bbk.eus\/eu\/gertaera-kategoriak\/zinema\/\"},{\"@type\":\"ListItem\",\"position\":4,\"name\":\"CAMPOS\"}]},{\"@type\":\"WebSite\",\"@id\":\"https:\/\/salabbk.bbk.eus\/eu\/#website\",\"url\":\"https:\/\/salabbk.bbk.eus\/eu\/\",\"name\":\"Sala BBK\",\"description\":\"Espect\u00e1culos, cultura en vivo en el centro de Bilbao\",\"potentialAction\":[{\"@type\":\"SearchAction\",\"target\":{\"@type\":\"EntryPoint\",\"urlTemplate\":\"https:\/\/salabbk.bbk.eus\/eu\/?s={search_term_string}\"},\"query-input\":{\"@type\":\"PropertyValueSpecification\",\"valueRequired\":true,\"valueName\":\"search_term_string\"}}],\"inLanguage\":\"eu-ES\"}]}<\/script>\n<!-- \/ Yoast SEO plugin. -->","yoast_head_json":{"title":"CAMPOS - Sala BBK","robots":{"index":"index","follow":"follow","max-snippet":"max-snippet:-1","max-image-preview":"max-image-preview:large","max-video-preview":"max-video-preview:-1"},"canonical":"https:\/\/salabbk.bbk.eus\/eu\/eventos\/campos\/","og_locale":"eu_ES","og_type":"article","og_title":"CAMPOS - Sala BBK","og_description":"THINKING FOOTBALL 24 \u00d3scar Falag\u00e1n y David CasadoEspa\u00f1a, 202372 min. Oscar Falagan eta David Casado zuzendariek futbol-zelaiak agertoki eta testuinguru gisa batzen dituzte, toki horiekin bizi diren biztanleen istorioak kontatzeko. Futbolarekin, herriarekin edo herrikideekin duten harremanaren bidez, despopulazioaren hainbat alderdi transmititzen dituzten pertsonak, eta landa-futbolaren balioa batasun, kohesio, ekitaldi sozial eta aisialdirako elementu gisa erakusten [&hellip;]","og_url":"https:\/\/salabbk.bbk.eus\/eu\/eventos\/campos\/","og_site_name":"Sala BBK","og_image":[{"width":700,"height":400,"url":"https:\/\/salabbk.bbk.eus\/wp-content\/uploads\/2024\/10\/Thinking_Football_Newsletter_700x400.jpg","type":"image\/jpeg"}],"twitter_card":"summary_large_image","twitter_misc":{"Est. reading time":"1 minute"},"schema":{"@context":"https:\/\/schema.org","@graph":[{"@type":"WebPage","@id":"https:\/\/salabbk.bbk.eus\/eu\/eventos\/campos\/","url":"https:\/\/salabbk.bbk.eus\/eu\/eventos\/campos\/","name":"CAMPOS - Sala BBK","isPartOf":{"@id":"https:\/\/salabbk.bbk.eus\/eu\/#website"},"primaryImageOfPage":{"@id":"https:\/\/salabbk.bbk.eus\/eu\/eventos\/campos\/#primaryimage"},"image":{"@id":"https:\/\/salabbk.bbk.eus\/eu\/eventos\/campos\/#primaryimage"},"thumbnailUrl":"https:\/\/salabbk.bbk.eus\/wp-content\/uploads\/2024\/10\/Thinking_Football_Newsletter_700x400.jpg","datePublished":"2024-11-04T12:08:30+00:00","breadcrumb":{"@id":"https:\/\/salabbk.bbk.eus\/eu\/eventos\/campos\/#breadcrumb"},"inLanguage":"eu-ES","potentialAction":[{"@type":"ReadAction","target":["https:\/\/salabbk.bbk.eus\/eu\/eventos\/campos\/"]}]},{"@type":"ImageObject","inLanguage":"eu-ES","@id":"https:\/\/salabbk.bbk.eus\/eu\/eventos\/campos\/#primaryimage","url":"https:\/\/salabbk.bbk.eus\/wp-content\/uploads\/2024\/10\/Thinking_Football_Newsletter_700x400.jpg","contentUrl":"https:\/\/salabbk.bbk.eus\/wp-content\/uploads\/2024\/10\/Thinking_Football_Newsletter_700x400.jpg","width":700,"height":400},{"@type":"BreadcrumbList","@id":"https:\/\/salabbk.bbk.eus\/eu\/eventos\/campos\/#breadcrumb","itemListElement":[{"@type":"ListItem","position":1,"name":"Hasiera","item":"https:\/\/salabbk.bbk.eus\/eu\/"},{"@type":"ListItem","position":2,"name":"Gertaerak","item":"https:\/\/salabbk.bbk.eus\/eu\/eventos\/"},{"@type":"ListItem","position":3,"name":"Zinema","item":"https:\/\/salabbk.bbk.eus\/eu\/gertaera-kategoriak\/zinema\/"},{"@type":"ListItem","position":4,"name":"CAMPOS"}]},{"@type":"WebSite","@id":"https:\/\/salabbk.bbk.eus\/eu\/#website","url":"https:\/\/salabbk.bbk.eus\/eu\/","name":"Sala BBK","description":"Espect\u00e1culos, cultura en vivo en el centro de Bilbao","potentialAction":[{"@type":"SearchAction","target":{"@type":"EntryPoint","urlTemplate":"https:\/\/salabbk.bbk.eus\/eu\/?s={search_term_string}"},"query-input":{"@type":"PropertyValueSpecification","valueRequired":true,"valueName":"search_term_string"}}],"inLanguage":"eu-ES"}]}},"_links":{"self":[{"href":"https:\/\/salabbk.bbk.eus\/eu\/wp-json\/wp\/v2\/eventos\/19669","targetHints":{"allow":["GET"]}}],"collection":[{"href":"https:\/\/salabbk.bbk.eus\/eu\/wp-json\/wp\/v2\/eventos"}],"about":[{"href":"https:\/\/salabbk.bbk.eus\/eu\/wp-json\/wp\/v2\/types\/eventos"}],"author":[{"embeddable":true,"href":"https:\/\/salabbk.bbk.eus\/eu\/wp-json\/wp\/v2\/users\/15"}],"wp:featuredmedia":[{"embeddable":true,"href":"https:\/\/salabbk.bbk.eus\/eu\/wp-json\/wp\/v2\/media\/19655"}],"wp:attachment":[{"href":"https:\/\/salabbk.bbk.eus\/eu\/wp-json\/wp\/v2\/media?parent=19669"}],"wp:term":[{"taxonomy":"categoria-evento","embeddable":true,"href":"https:\/\/salabbk.bbk.eus\/eu\/wp-json\/wp\/v2\/categoria-evento?post=19669"},{"taxonomy":"etiqueta-evento","embeddable":true,"href":"https:\/\/salabbk.bbk.eus\/eu\/wp-json\/wp\/v2\/etiqueta-evento?post=19669"}],"curies":[{"name":"wp","href":"https:\/\/api.w.org\/{rel}","templated":true}]}}