{"id":15016,"date":"2022-03-23T10:11:08","date_gmt":"2022-03-23T08:11:08","guid":{"rendered":"http:\/\/localhost:8380\/eu\/eventos\/bbk-off-no-soy-bailarina-360-green-songs-2\/"},"modified":"2022-03-23T10:11:08","modified_gmt":"2022-03-23T08:11:08","slug":"bbk-off-no-soy-bailarina-360-green-songs-2","status":"publish","type":"eventos","link":"https:\/\/salabbk.bbk.eus\/eu\/eventos\/bbk-off-no-soy-bailarina-360-green-songs-2\/","title":{"rendered":"BBK OFF: No soy bailarina + 360 + Green Songs"},"content":{"rendered":"<p><strong>&#8220;Yo no soy bailarina&#8221;<\/strong> mugimendu, poesia eta musikatik antsietate-erasoaren esperientziara egindako hurbilketa bat da, dantzari askori eragiten dien izu eszeniko paradoxikora, hain zuzen ere.<\/p>\n<p>Begira dauzkat.<br \/>\nHankak begiratzen dizkidate eta epaitu egiten naute.<br \/>\nBi epaile ustel dira nire hankak eta nire gorputz osoa erosten saiatzen dira.<\/p>\n<p><strong>I am not a dancer<\/strong> is an approximation from movement, poetry and music to the experience of an anxiety attack, more specifically, to the paradoxical stage fright that affects many dancers.<\/p>\n<p>They\u2019re staring at me.<br \/>\nThey stare at my legs and judge me.<br \/>\nMy legs are two corrupt judges and they are trying to bribe the rest of my body.<\/p>\n<p><strong>Fitxa teknikoa<\/strong><br \/>\nSorkuntza, testua eta interpretazioa: Elsa Moreno Calabuig<br \/>\nSoinu-ekoizpena eta argien diseinu: Recipiente<br \/>\nIraupena: 20\u2019<br \/>\nHizkuntza: Gaztelania<br \/>\nAdina: +16<\/p>\n<p><a href=\"https:\/\/youtu.be\/sEX412ZX1lQI\">Trailer<\/a><\/p>\n<p><strong>360<\/strong><br \/>\nDenbora neurtzen. Lehen keinu honekin, gorputza aurkezten da, &#8220;<strong>360<\/strong>&#8221; lengoaien arteko topaketa batetik sortzen da. <\/p>\n<p>Gorputza eta soinua hizketan ari dira, denborazkotasunen gurutzaketa fin batean. Ezkutuko keinuen paisaia ikusaraztea da kontua, etengabe mugitzen ari den paisaia. Bitartean, gorputza aurrera doa, atzera egiten du, gelditu egiten da edo begiratu besterik ez du egiten. Ibiltzen da, bere neurria aurkitzeko, bere sakontasuna azaltzeko. <\/p>\n<p>Audioa soinuaren barrualderako bidaia gisa planteatzen da. Bibrafono eta biolin hotsen tinbre berezia zeharkatzen duen bidaia. Soinuan ezer ez da berdin, eta gure entzutean ez da ezer bi aldiz errepikatzen. <\/p>\n<p>&#8220;360, Siringe&#8221; obra osoaren hasierako zatia da, Musika Elektroakustikako KLEM laborategiarekin eta La Terminal FICC espazioarekin lankidetzan sortutakoa.<\/p>\n<p>Measuring time. This first gesture introduces the body.<\/p>\n<p>\u201c<strong>360<\/strong>\u201d emerges from an encounter between languages. Body and sound interact, within a delicate intersection oftemporalities. It is about making visible a landscape of hidden gestures, a landscape in continuous movement. Meanwhile, the body advances, recedes, stops or gazes. Traverses the space; to find its measure, showing its depth.<\/p>\n<p>The audio is presented as a journey into the interior of the sound. This journey passes through the particular tone of the sounds of the violin and the vibraphone. Nothing is the same in the sound and nothing is repeated twice in our listening.<\/p>\n<p>\u201c360\u201d is the initial fragment of the complete work \u201cSiringe\u201d, a choral piece created in collaboration with KLEM Laboratory of Musical Electroacoustics and the space La Terminal FICC.<\/p>\n<p><strong>Fitxa teknikoa<\/strong><br \/>\nKoreografia-zuzendaritza: Blanca Arrieta<br \/>\nSoinua: I\u00f1igo Ibaibarriaga<br \/>\nGidoia eta interpretazioa: Laura Cobo<br \/>\nArgiaren diseinua: Borja Ruiz<br \/>\nArgazki-dokumentazioa: Juan F\u00e9lix Ruiz<br \/>\nBideoa grabatzea eta editatzea: Jes\u00fas Robisco<br \/>\nLaguntzaileak: Laboratorio KLEM, La Terminal FICC, Hacer\u00eda Arteak, ZAWP<br \/>\nDiru-laguntzailea: Eusko Jaurlaritzaren Kultura eta Hizkuntza Politika Saila<br \/>\nIraupena: 20\u2019<br \/>\nHizkuntza: Gaztelania<br \/>\nAdina: +16<\/p>\n<p><a href=\"https:\/\/vimeo.com\/683341828\">Teaser<\/a><\/p>\n<p><strong>Green Songs.<\/strong> Peque\u00f1os exorcismos clorof\u00edlicos<br \/>\nInoiz ikusi ez den soinu-instalazio bat da, natura SUJETO gisa planteatzen duena, eta lau solairutan zehar abesten du, artistak bizi duen moduan. Materia fotosintesian eraldatzearekin analogia gisa, espezie bakoitzak gizakiaren oinarrizko emozioetako bati buruzko kontzertu intimo bat kanporatzen du, orri batzuen edertasun bereziari erreparatzen diogun bitartean. <\/p>\n<p>Naturari erantzuteko beharrari buruzko hausnarketa, inoiz gezurrik esaten ez duena, antropozentrismoaren nagusitasuna eta premia ekologikoa zalantzan jarriz.<\/p>\n<p>Denbora bat daramat landareak behatu eta entzuteko, munduko alarma-egoeratik bizirik atera direnak eta, aldi berean, bakardadearen lasaitasunean konpai direnak.Naturak oihu, negar, barre eta dar-dar egiten du, berrogeialdi honetan denok egin dugun bezala.<\/p>\n<p>It is an unseen sound installation that addresses nature as a SUBJECT that tells stories and sings through four plants, with which the artist lives. By way of analogy with the transformation of matter into photosynthesis, each species ejects an \u201cintimate concert\u201d on one of the basic human emotions while we observe the peculiar beauty of some leaves.<\/p>\n<p>A reflection upon the need to pay attention to nature, that never lies, questioning the hegemony of anthroprocentrism and the ecological urgency. <\/p>\n<p>\u201cA time to observe and listen to plants, survivors of the worldwide state of alarm and in turn companions and confidants in the stillness of loneliness.<br \/>\nNature screams, cries, laughs and trembles just as we have all done at some time during this quarantine\u201d.<\/p>\n<p><strong>Fitxa teknikoa<\/strong><br \/>\nZuzendaritza: Mar\u00eda Ibarretxe<br \/>\nInt\u00e9rpretes: Combo Vocal Bilbao-Musika, Natalia Wang, Natalia G\u00f3mez-Acebo, Arrate Bayer, Jorge Pe\u00f1agarikano y Mar\u00eda Ibarretxe<br \/>\nIraupena: 23\u2019<br \/>\nHizkuntza: gaztelaniazko testua.<br \/>\nIngelesezko eta gaztelaniazko abestiak<br \/>\nAdina: +16<\/p>\n<p><a href=\"https:\/\/tickets.kutxabank.es\/#\/eu\/detalle\/1004YONOSOY@Janto_KB\/20SBBK\" target=\"_blank\" rel=\"noopener noreferrer\"><img loading=\"lazy\" decoding=\"async\" class=\"alignleft wp-image-780 size-full\" src=\"https:\/\/salabbk.bbk.eus\/wp-content\/uploads\/2016\/04\/tickets.png\" alt=\"tickets\" width=\"100\" height=\"24\" \/><\/a><\/p>\n<p>&nbsp;<br \/>\n&nbsp; <\/p>\n<p><strong>BBK OFF JAIALDI OSORAKO BONUA<\/strong><br \/>\nBonua soilik BBK Salako leihatiletan jarriko da salgai eta <strong>25 urtetik beherakoei eta arte eszenikoetako profesionalei<\/strong> zuzenduta dago. Sarrerak <strong>25 euroan<\/strong> daude eta BBK Salan egingo diren jaialdi guztiak ikusteko aukera ematen dute. Sarrerak erosi ahal izateko, BBK Salaren leihatiletara etorri eta dagokion egiaztagiria aurkeztu behar izango duzu.<\/p>\n<p><strong>VOUCHER FOR THE WHOLE BBK OFF FESTIVAL<\/strong><br \/>\nThe voucher will be on sale exclusively in Sala BBK and is aimed at <strong>audiences under 25 and performing arts professionals<\/strong>. It will cost <strong>25 euros<\/strong> and is valid for entering any of the festival events held in Sala BBK. In order to purchase the voucher, you need to come by the Sala BBK ticket offices and show the corresponding supporting document so it can be verified.<\/p>\n","protected":false},"excerpt":{"rendered":"<p>&#8220;Yo no soy bailarina&#8221; mugimendu, poesia eta musikatik antsietate-erasoaren esperientziara egindako hurbilketa bat da, dantzari askori eragiten dien izu eszeniko paradoxikora, hain zuzen ere. Begira dauzkat. Hankak begiratzen dizkidate eta epaitu egiten naute. Bi epaile ustel dira nire hankak eta nire gorputz osoa erosten saiatzen dira. I am not a dancer is an approximation from [&hellip;]<\/p>\n","protected":false},"author":13,"featured_media":12190,"parent":0,"menu_order":0,"template":"","categoria-evento":[1255,1235],"etiqueta-evento":[2118,2155,2222,2243],"class_list":["post-15016","eventos","type-eventos","status-publish","has-post-thumbnail","hentry","categoria-evento-danza","categoria-evento-teatro","etiqueta-evento-bbk-off-festival","etiqueta-evento-green-songs-eu","etiqueta-evento-siringe-eu","etiqueta-evento-yo-no-soy-bailarina-eu"],"acf":{"ctp_evento_fecha_inicio":"2022-04-10","ctp_evento_hora_inicio":"19:30:56","ctp_evento_fecha_fin":"2022-04-10","ctp_evento_hora_fin":"20:30:56","ctp_evento_coste":"","ctp_evento_informacion_adicional":"7\u20ac. <br>Entrada conjunta. <br>Baterako sarrera.","ctp_evento_tickets":"https:\/\/tickets.kutxabank.es\/#\/eu\/detalle\/1004YONOSOY@Janto_KB\/20SBBK"},"yoast_head":"<!-- This site is optimized with the Yoast SEO plugin v27.0 - https:\/\/yoast.com\/product\/yoast-seo-wordpress\/ -->\n<title>BBK OFF: No soy bailarina + 360 + Green Songs - Sala BBK<\/title>\n<meta name=\"robots\" content=\"index, follow, max-snippet:-1, max-image-preview:large, max-video-preview:-1\" \/>\n<link rel=\"canonical\" href=\"https:\/\/salabbk.bbk.eus\/eu\/eventos\/bbk-off-no-soy-bailarina-360-green-songs-2\/\" \/>\n<meta property=\"og:locale\" content=\"eu_ES\" \/>\n<meta property=\"og:type\" content=\"article\" \/>\n<meta property=\"og:title\" content=\"BBK OFF: No soy bailarina + 360 + Green Songs - Sala BBK\" \/>\n<meta property=\"og:description\" content=\"&#8220;Yo no soy bailarina&#8221; mugimendu, poesia eta musikatik antsietate-erasoaren esperientziara egindako hurbilketa bat da, dantzari askori eragiten dien izu eszeniko paradoxikora, hain zuzen ere. Begira dauzkat. Hankak begiratzen dizkidate eta epaitu egiten naute. Bi epaile ustel dira nire hankak eta nire gorputz osoa erosten saiatzen dira. I am not a dancer is an approximation from [&hellip;]\" \/>\n<meta property=\"og:url\" content=\"https:\/\/salabbk.bbk.eus\/eu\/eventos\/bbk-off-no-soy-bailarina-360-green-songs-2\/\" \/>\n<meta property=\"og:site_name\" content=\"Sala BBK\" \/>\n<meta property=\"og:image\" content=\"https:\/\/salabbk.bbk.eus\/wp-content\/uploads\/2022\/03\/SALABBK_MARZO_10ABRIL_PRO.jpg\" \/>\n\t<meta property=\"og:image:width\" content=\"900\" \/>\n\t<meta property=\"og:image:height\" content=\"350\" \/>\n\t<meta property=\"og:image:type\" content=\"image\/jpeg\" \/>\n<meta name=\"twitter:card\" content=\"summary_large_image\" \/>\n<meta name=\"twitter:label1\" content=\"Est. reading time\" \/>\n\t<meta name=\"twitter:data1\" content=\"4 minutes\" \/>\n<script type=\"application\/ld+json\" class=\"yoast-schema-graph\">{\"@context\":\"https:\/\/schema.org\",\"@graph\":[{\"@type\":\"WebPage\",\"@id\":\"https:\/\/salabbk.bbk.eus\/eu\/eventos\/bbk-off-no-soy-bailarina-360-green-songs-2\/\",\"url\":\"https:\/\/salabbk.bbk.eus\/eu\/eventos\/bbk-off-no-soy-bailarina-360-green-songs-2\/\",\"name\":\"BBK OFF: No soy bailarina + 360 + Green Songs - Sala BBK\",\"isPartOf\":{\"@id\":\"https:\/\/salabbk.bbk.eus\/eu\/#website\"},\"primaryImageOfPage\":{\"@id\":\"https:\/\/salabbk.bbk.eus\/eu\/eventos\/bbk-off-no-soy-bailarina-360-green-songs-2\/#primaryimage\"},\"image\":{\"@id\":\"https:\/\/salabbk.bbk.eus\/eu\/eventos\/bbk-off-no-soy-bailarina-360-green-songs-2\/#primaryimage\"},\"thumbnailUrl\":\"https:\/\/salabbk.bbk.eus\/wp-content\/uploads\/2022\/03\/SALABBK_MARZO_10ABRIL_PRO.jpg\",\"datePublished\":\"2022-03-23T08:11:08+00:00\",\"breadcrumb\":{\"@id\":\"https:\/\/salabbk.bbk.eus\/eu\/eventos\/bbk-off-no-soy-bailarina-360-green-songs-2\/#breadcrumb\"},\"inLanguage\":\"eu-ES\",\"potentialAction\":[{\"@type\":\"ReadAction\",\"target\":[\"https:\/\/salabbk.bbk.eus\/eu\/eventos\/bbk-off-no-soy-bailarina-360-green-songs-2\/\"]}]},{\"@type\":\"ImageObject\",\"inLanguage\":\"eu-ES\",\"@id\":\"https:\/\/salabbk.bbk.eus\/eu\/eventos\/bbk-off-no-soy-bailarina-360-green-songs-2\/#primaryimage\",\"url\":\"https:\/\/salabbk.bbk.eus\/wp-content\/uploads\/2022\/03\/SALABBK_MARZO_10ABRIL_PRO.jpg\",\"contentUrl\":\"https:\/\/salabbk.bbk.eus\/wp-content\/uploads\/2022\/03\/SALABBK_MARZO_10ABRIL_PRO.jpg\",\"width\":900,\"height\":350},{\"@type\":\"BreadcrumbList\",\"@id\":\"https:\/\/salabbk.bbk.eus\/eu\/eventos\/bbk-off-no-soy-bailarina-360-green-songs-2\/#breadcrumb\",\"itemListElement\":[{\"@type\":\"ListItem\",\"position\":1,\"name\":\"Hasiera\",\"item\":\"https:\/\/salabbk.bbk.eus\/eu\/\"},{\"@type\":\"ListItem\",\"position\":2,\"name\":\"Gertaerak\",\"item\":\"https:\/\/salabbk.bbk.eus\/eu\/eventos\/\"},{\"@type\":\"ListItem\",\"position\":3,\"name\":\"Dantza\",\"item\":\"https:\/\/salabbk.bbk.eus\/eu\/gertaera-kategoriak\/dantza\/\"},{\"@type\":\"ListItem\",\"position\":4,\"name\":\"BBK OFF: No soy bailarina + 360 + Green Songs\"}]},{\"@type\":\"WebSite\",\"@id\":\"https:\/\/salabbk.bbk.eus\/eu\/#website\",\"url\":\"https:\/\/salabbk.bbk.eus\/eu\/\",\"name\":\"Sala BBK\",\"description\":\"Espect\u00e1culos, cultura en vivo en el centro de Bilbao\",\"potentialAction\":[{\"@type\":\"SearchAction\",\"target\":{\"@type\":\"EntryPoint\",\"urlTemplate\":\"https:\/\/salabbk.bbk.eus\/eu\/?s={search_term_string}\"},\"query-input\":{\"@type\":\"PropertyValueSpecification\",\"valueRequired\":true,\"valueName\":\"search_term_string\"}}],\"inLanguage\":\"eu-ES\"}]}<\/script>\n<!-- \/ Yoast SEO plugin. -->","yoast_head_json":{"title":"BBK OFF: No soy bailarina + 360 + Green Songs - Sala BBK","robots":{"index":"index","follow":"follow","max-snippet":"max-snippet:-1","max-image-preview":"max-image-preview:large","max-video-preview":"max-video-preview:-1"},"canonical":"https:\/\/salabbk.bbk.eus\/eu\/eventos\/bbk-off-no-soy-bailarina-360-green-songs-2\/","og_locale":"eu_ES","og_type":"article","og_title":"BBK OFF: No soy bailarina + 360 + Green Songs - Sala BBK","og_description":"&#8220;Yo no soy bailarina&#8221; mugimendu, poesia eta musikatik antsietate-erasoaren esperientziara egindako hurbilketa bat da, dantzari askori eragiten dien izu eszeniko paradoxikora, hain zuzen ere. Begira dauzkat. Hankak begiratzen dizkidate eta epaitu egiten naute. Bi epaile ustel dira nire hankak eta nire gorputz osoa erosten saiatzen dira. I am not a dancer is an approximation from [&hellip;]","og_url":"https:\/\/salabbk.bbk.eus\/eu\/eventos\/bbk-off-no-soy-bailarina-360-green-songs-2\/","og_site_name":"Sala BBK","og_image":[{"width":900,"height":350,"url":"https:\/\/salabbk.bbk.eus\/wp-content\/uploads\/2022\/03\/SALABBK_MARZO_10ABRIL_PRO.jpg","type":"image\/jpeg"}],"twitter_card":"summary_large_image","twitter_misc":{"Est. reading time":"4 minutes"},"schema":{"@context":"https:\/\/schema.org","@graph":[{"@type":"WebPage","@id":"https:\/\/salabbk.bbk.eus\/eu\/eventos\/bbk-off-no-soy-bailarina-360-green-songs-2\/","url":"https:\/\/salabbk.bbk.eus\/eu\/eventos\/bbk-off-no-soy-bailarina-360-green-songs-2\/","name":"BBK OFF: No soy bailarina + 360 + Green Songs - Sala BBK","isPartOf":{"@id":"https:\/\/salabbk.bbk.eus\/eu\/#website"},"primaryImageOfPage":{"@id":"https:\/\/salabbk.bbk.eus\/eu\/eventos\/bbk-off-no-soy-bailarina-360-green-songs-2\/#primaryimage"},"image":{"@id":"https:\/\/salabbk.bbk.eus\/eu\/eventos\/bbk-off-no-soy-bailarina-360-green-songs-2\/#primaryimage"},"thumbnailUrl":"https:\/\/salabbk.bbk.eus\/wp-content\/uploads\/2022\/03\/SALABBK_MARZO_10ABRIL_PRO.jpg","datePublished":"2022-03-23T08:11:08+00:00","breadcrumb":{"@id":"https:\/\/salabbk.bbk.eus\/eu\/eventos\/bbk-off-no-soy-bailarina-360-green-songs-2\/#breadcrumb"},"inLanguage":"eu-ES","potentialAction":[{"@type":"ReadAction","target":["https:\/\/salabbk.bbk.eus\/eu\/eventos\/bbk-off-no-soy-bailarina-360-green-songs-2\/"]}]},{"@type":"ImageObject","inLanguage":"eu-ES","@id":"https:\/\/salabbk.bbk.eus\/eu\/eventos\/bbk-off-no-soy-bailarina-360-green-songs-2\/#primaryimage","url":"https:\/\/salabbk.bbk.eus\/wp-content\/uploads\/2022\/03\/SALABBK_MARZO_10ABRIL_PRO.jpg","contentUrl":"https:\/\/salabbk.bbk.eus\/wp-content\/uploads\/2022\/03\/SALABBK_MARZO_10ABRIL_PRO.jpg","width":900,"height":350},{"@type":"BreadcrumbList","@id":"https:\/\/salabbk.bbk.eus\/eu\/eventos\/bbk-off-no-soy-bailarina-360-green-songs-2\/#breadcrumb","itemListElement":[{"@type":"ListItem","position":1,"name":"Hasiera","item":"https:\/\/salabbk.bbk.eus\/eu\/"},{"@type":"ListItem","position":2,"name":"Gertaerak","item":"https:\/\/salabbk.bbk.eus\/eu\/eventos\/"},{"@type":"ListItem","position":3,"name":"Dantza","item":"https:\/\/salabbk.bbk.eus\/eu\/gertaera-kategoriak\/dantza\/"},{"@type":"ListItem","position":4,"name":"BBK OFF: No soy bailarina + 360 + Green Songs"}]},{"@type":"WebSite","@id":"https:\/\/salabbk.bbk.eus\/eu\/#website","url":"https:\/\/salabbk.bbk.eus\/eu\/","name":"Sala BBK","description":"Espect\u00e1culos, cultura en vivo en el centro de Bilbao","potentialAction":[{"@type":"SearchAction","target":{"@type":"EntryPoint","urlTemplate":"https:\/\/salabbk.bbk.eus\/eu\/?s={search_term_string}"},"query-input":{"@type":"PropertyValueSpecification","valueRequired":true,"valueName":"search_term_string"}}],"inLanguage":"eu-ES"}]}},"_links":{"self":[{"href":"https:\/\/salabbk.bbk.eus\/eu\/wp-json\/wp\/v2\/eventos\/15016","targetHints":{"allow":["GET"]}}],"collection":[{"href":"https:\/\/salabbk.bbk.eus\/eu\/wp-json\/wp\/v2\/eventos"}],"about":[{"href":"https:\/\/salabbk.bbk.eus\/eu\/wp-json\/wp\/v2\/types\/eventos"}],"author":[{"embeddable":true,"href":"https:\/\/salabbk.bbk.eus\/eu\/wp-json\/wp\/v2\/users\/13"}],"wp:featuredmedia":[{"embeddable":true,"href":"https:\/\/salabbk.bbk.eus\/eu\/wp-json\/wp\/v2\/media\/12190"}],"wp:attachment":[{"href":"https:\/\/salabbk.bbk.eus\/eu\/wp-json\/wp\/v2\/media?parent=15016"}],"wp:term":[{"taxonomy":"categoria-evento","embeddable":true,"href":"https:\/\/salabbk.bbk.eus\/eu\/wp-json\/wp\/v2\/categoria-evento?post=15016"},{"taxonomy":"etiqueta-evento","embeddable":true,"href":"https:\/\/salabbk.bbk.eus\/eu\/wp-json\/wp\/v2\/etiqueta-evento?post=15016"}],"curies":[{"name":"wp","href":"https:\/\/api.w.org\/{rel}","templated":true}]}}